{"id":302,"date":"2024-01-18T12:58:43","date_gmt":"2024-01-18T12:58:43","guid":{"rendered":"http:\/\/anmeldung.ski-sport-zell.de\/?page_id=302"},"modified":"2026-01-09T15:22:22","modified_gmt":"2026-01-09T15:22:22","slug":"aktuelles","status":"publish","type":"page","link":"http:\/\/anmeldung.ski-sport-zell.de\/?page_id=302","title":{"rendered":"aktuelle Berichte und Aktivit\u00e4ten"},"content":{"rendered":"\n<figure class=\"wp-block-image size-large\"><img loading=\"lazy\" decoding=\"async\" width=\"1024\" height=\"577\" src=\"http:\/\/anmeldung.ski-sport-zell.de\/wp-content\/uploads\/2026\/01\/1433544b-82d6-415f-a11b-e02128aa91f7-1024x577.jpeg\" alt=\"\" class=\"wp-image-501\" srcset=\"http:\/\/anmeldung.ski-sport-zell.de\/wp-content\/uploads\/2026\/01\/1433544b-82d6-415f-a11b-e02128aa91f7-1024x577.jpeg 1024w, http:\/\/anmeldung.ski-sport-zell.de\/wp-content\/uploads\/2026\/01\/1433544b-82d6-415f-a11b-e02128aa91f7-300x169.jpeg 300w, http:\/\/anmeldung.ski-sport-zell.de\/wp-content\/uploads\/2026\/01\/1433544b-82d6-415f-a11b-e02128aa91f7-768x432.jpeg 768w, http:\/\/anmeldung.ski-sport-zell.de\/wp-content\/uploads\/2026\/01\/1433544b-82d6-415f-a11b-e02128aa91f7-1536x865.jpeg 1536w, http:\/\/anmeldung.ski-sport-zell.de\/wp-content\/uploads\/2026\/01\/1433544b-82d6-415f-a11b-e02128aa91f7-2048x1153.jpeg 2048w\" sizes=\"(max-width: 767px) 89vw, (max-width: 1000px) 54vw, (max-width: 1071px) 543px, 580px\" \/><figcaption class=\"wp-element-caption\">Skikurs 2025 \/ 2026<\/figcaption><\/figure>\n\n\n\n<figure class=\"wp-block-image size-large is-resized\"><img loading=\"lazy\" decoding=\"async\" width=\"819\" height=\"1024\" src=\"http:\/\/anmeldung.ski-sport-zell.de\/wp-content\/uploads\/2026\/01\/Untitled-design-819x1024.png\" alt=\"Einweisungsskifahrt am 07.12.2025\" class=\"wp-image-502\" style=\"width:674px;height:auto\" srcset=\"http:\/\/anmeldung.ski-sport-zell.de\/wp-content\/uploads\/2026\/01\/Untitled-design-819x1024.png 819w, http:\/\/anmeldung.ski-sport-zell.de\/wp-content\/uploads\/2026\/01\/Untitled-design-240x300.png 240w, http:\/\/anmeldung.ski-sport-zell.de\/wp-content\/uploads\/2026\/01\/Untitled-design-768x960.png 768w, http:\/\/anmeldung.ski-sport-zell.de\/wp-content\/uploads\/2026\/01\/Untitled-design.png 1080w\" sizes=\"(max-width: 767px) 89vw, (max-width: 1000px) 54vw, (max-width: 1071px) 543px, 580px\" \/><figcaption class=\"wp-element-caption\">Einweisungsskifahrt am 07.12.2025<\/figcaption><\/figure>\n\n\n\n<figure class=\"wp-block-image size-full\"><img loading=\"lazy\" decoding=\"async\" width=\"882\" height=\"883\" src=\"http:\/\/anmeldung.ski-sport-zell.de\/wp-content\/uploads\/2026\/01\/IMG_6690.jpeg\" alt=\"\" class=\"wp-image-503\" srcset=\"http:\/\/anmeldung.ski-sport-zell.de\/wp-content\/uploads\/2026\/01\/IMG_6690.jpeg 882w, http:\/\/anmeldung.ski-sport-zell.de\/wp-content\/uploads\/2026\/01\/IMG_6690-300x300.jpeg 300w, http:\/\/anmeldung.ski-sport-zell.de\/wp-content\/uploads\/2026\/01\/IMG_6690-150x150.jpeg 150w, http:\/\/anmeldung.ski-sport-zell.de\/wp-content\/uploads\/2026\/01\/IMG_6690-768x769.jpeg 768w, http:\/\/anmeldung.ski-sport-zell.de\/wp-content\/uploads\/2026\/01\/IMG_6690-100x100.jpeg 100w\" sizes=\"(max-width: 767px) 89vw, (max-width: 1000px) 54vw, (max-width: 1071px) 543px, 580px\" \/><figcaption class=\"wp-element-caption\">Generalversammlung am 16.11.2025<\/figcaption><\/figure>\n\n\n\n<figure class=\"wp-block-image size-large\"><img loading=\"lazy\" decoding=\"async\" width=\"1024\" height=\"577\" src=\"http:\/\/anmeldung.ski-sport-zell.de\/wp-content\/uploads\/2025\/01\/Skikurs-2024-2025-1024x577.jpg\" alt=\"\" class=\"wp-image-429\" srcset=\"http:\/\/anmeldung.ski-sport-zell.de\/wp-content\/uploads\/2025\/01\/Skikurs-2024-2025-1024x577.jpg 1024w, http:\/\/anmeldung.ski-sport-zell.de\/wp-content\/uploads\/2025\/01\/Skikurs-2024-2025-300x169.jpg 300w, http:\/\/anmeldung.ski-sport-zell.de\/wp-content\/uploads\/2025\/01\/Skikurs-2024-2025-768x432.jpg 768w, http:\/\/anmeldung.ski-sport-zell.de\/wp-content\/uploads\/2025\/01\/Skikurs-2024-2025-1536x865.jpg 1536w, http:\/\/anmeldung.ski-sport-zell.de\/wp-content\/uploads\/2025\/01\/Skikurs-2024-2025-2048x1153.jpg 2048w\" sizes=\"(max-width: 767px) 89vw, (max-width: 1000px) 54vw, (max-width: 1071px) 543px, 580px\" \/><figcaption class=\"wp-element-caption\">Die Kursteilnehmer und Kursleiter 2024\/2025 mit ihren Urkunden und Medaillen<\/figcaption><\/figure>\n\n\n\n<figure class=\"wp-block-image size-large\"><img loading=\"lazy\" decoding=\"async\" width=\"1024\" height=\"473\" src=\"http:\/\/anmeldung.ski-sport-zell.de\/wp-content\/uploads\/2025\/01\/2024-12-08-Einweisungsfahrt-1024x473.jpg\" alt=\"\" class=\"wp-image-401\" srcset=\"http:\/\/anmeldung.ski-sport-zell.de\/wp-content\/uploads\/2025\/01\/2024-12-08-Einweisungsfahrt-1024x473.jpg 1024w, http:\/\/anmeldung.ski-sport-zell.de\/wp-content\/uploads\/2025\/01\/2024-12-08-Einweisungsfahrt-300x139.jpg 300w, http:\/\/anmeldung.ski-sport-zell.de\/wp-content\/uploads\/2025\/01\/2024-12-08-Einweisungsfahrt-768x355.jpg 768w, http:\/\/anmeldung.ski-sport-zell.de\/wp-content\/uploads\/2025\/01\/2024-12-08-Einweisungsfahrt-1536x709.jpg 1536w, http:\/\/anmeldung.ski-sport-zell.de\/wp-content\/uploads\/2025\/01\/2024-12-08-Einweisungsfahrt-2048x946.jpg 2048w\" sizes=\"(max-width: 767px) 89vw, (max-width: 1000px) 54vw, (max-width: 1071px) 543px, 580px\" \/><figcaption class=\"wp-element-caption\">Einweisungsfahrt der Skilehrer am 15. Dezember 2024 in S\u00f6ll<\/figcaption><\/figure>\n\n\n\n<figure class=\"wp-block-image size-large is-resized\"><img loading=\"lazy\" decoding=\"async\" width=\"1024\" height=\"1024\" src=\"http:\/\/anmeldung.ski-sport-zell.de\/wp-content\/uploads\/2024\/03\/WhatsApp-Image-2024-03-11-at-09.49.34_e6a97113-1024x1024.jpg\" alt=\"\" class=\"wp-image-347\" style=\"width:716px;height:auto\" srcset=\"http:\/\/anmeldung.ski-sport-zell.de\/wp-content\/uploads\/2024\/03\/WhatsApp-Image-2024-03-11-at-09.49.34_e6a97113-1024x1024.jpg 1024w, http:\/\/anmeldung.ski-sport-zell.de\/wp-content\/uploads\/2024\/03\/WhatsApp-Image-2024-03-11-at-09.49.34_e6a97113-300x300.jpg 300w, http:\/\/anmeldung.ski-sport-zell.de\/wp-content\/uploads\/2024\/03\/WhatsApp-Image-2024-03-11-at-09.49.34_e6a97113-150x150.jpg 150w, http:\/\/anmeldung.ski-sport-zell.de\/wp-content\/uploads\/2024\/03\/WhatsApp-Image-2024-03-11-at-09.49.34_e6a97113-768x768.jpg 768w, http:\/\/anmeldung.ski-sport-zell.de\/wp-content\/uploads\/2024\/03\/WhatsApp-Image-2024-03-11-at-09.49.34_e6a97113-1536x1536.jpg 1536w, http:\/\/anmeldung.ski-sport-zell.de\/wp-content\/uploads\/2024\/03\/WhatsApp-Image-2024-03-11-at-09.49.34_e6a97113-100x100.jpg 100w, http:\/\/anmeldung.ski-sport-zell.de\/wp-content\/uploads\/2024\/03\/WhatsApp-Image-2024-03-11-at-09.49.34_e6a97113.jpg 2048w\" sizes=\"(max-width: 767px) 89vw, (max-width: 1000px) 54vw, (max-width: 1071px) 543px, 580px\" \/><figcaption class=\"wp-element-caption\">3-Tagesfahrt im M\u00e4rz 2024 ins Gr\u00f6dner Tal und auf die Plose mit \u00dcbernachtung in Villanders<\/figcaption><\/figure>\n\n\n\n<figure class=\"wp-block-image size-large\"><img loading=\"lazy\" decoding=\"async\" width=\"1024\" height=\"551\" src=\"http:\/\/anmeldung.ski-sport-zell.de\/wp-content\/uploads\/2024\/01\/20240118_140419-1024x551.jpg\" alt=\"\" class=\"wp-image-310\" srcset=\"http:\/\/anmeldung.ski-sport-zell.de\/wp-content\/uploads\/2024\/01\/20240118_140419-1024x551.jpg 1024w, http:\/\/anmeldung.ski-sport-zell.de\/wp-content\/uploads\/2024\/01\/20240118_140419-300x162.jpg 300w, http:\/\/anmeldung.ski-sport-zell.de\/wp-content\/uploads\/2024\/01\/20240118_140419-768x414.jpg 768w, http:\/\/anmeldung.ski-sport-zell.de\/wp-content\/uploads\/2024\/01\/20240118_140419-1536x827.jpg 1536w, http:\/\/anmeldung.ski-sport-zell.de\/wp-content\/uploads\/2024\/01\/20240118_140419-2048x1103.jpg 2048w\" sizes=\"(max-width: 767px) 89vw, (max-width: 1000px) 54vw, (max-width: 1071px) 543px, 580px\" \/><figcaption class=\"wp-element-caption\">Erfolgreicher Skikurs der Saison 2023\/2024<\/figcaption><\/figure>\n\n\n\n<figure class=\"wp-block-image size-large\"><img loading=\"lazy\" decoding=\"async\" width=\"1024\" height=\"473\" src=\"http:\/\/anmeldung.ski-sport-zell.de\/wp-content\/uploads\/2024\/01\/Einweisungsfahrt1-1-1024x473.jpg\" alt=\"\" class=\"wp-image-231\" srcset=\"http:\/\/anmeldung.ski-sport-zell.de\/wp-content\/uploads\/2024\/01\/Einweisungsfahrt1-1-1024x473.jpg 1024w, http:\/\/anmeldung.ski-sport-zell.de\/wp-content\/uploads\/2024\/01\/Einweisungsfahrt1-1-300x139.jpg 300w, http:\/\/anmeldung.ski-sport-zell.de\/wp-content\/uploads\/2024\/01\/Einweisungsfahrt1-1-768x355.jpg 768w, http:\/\/anmeldung.ski-sport-zell.de\/wp-content\/uploads\/2024\/01\/Einweisungsfahrt1-1-1536x709.jpg 1536w, http:\/\/anmeldung.ski-sport-zell.de\/wp-content\/uploads\/2024\/01\/Einweisungsfahrt1-1-2048x946.jpg 2048w\" sizes=\"(max-width: 767px) 89vw, (max-width: 1000px) 54vw, (max-width: 1071px) 543px, 580px\" \/><figcaption class=\"wp-element-caption\">Einweisungsfahrt der Skilehrer am 10.12.2023<\/figcaption><\/figure>\n\n\n\n<figure class=\"wp-block-image size-large\"><img loading=\"lazy\" decoding=\"async\" width=\"1024\" height=\"777\" src=\"http:\/\/anmeldung.ski-sport-zell.de\/wp-content\/uploads\/2024\/01\/WhatsApp-Image-2024-01-18-at-14.02.04-1024x777.jpeg\" alt=\"\" class=\"wp-image-308\" srcset=\"http:\/\/anmeldung.ski-sport-zell.de\/wp-content\/uploads\/2024\/01\/WhatsApp-Image-2024-01-18-at-14.02.04-1024x777.jpeg 1024w, http:\/\/anmeldung.ski-sport-zell.de\/wp-content\/uploads\/2024\/01\/WhatsApp-Image-2024-01-18-at-14.02.04-300x228.jpeg 300w, http:\/\/anmeldung.ski-sport-zell.de\/wp-content\/uploads\/2024\/01\/WhatsApp-Image-2024-01-18-at-14.02.04-768x583.jpeg 768w, http:\/\/anmeldung.ski-sport-zell.de\/wp-content\/uploads\/2024\/01\/WhatsApp-Image-2024-01-18-at-14.02.04.jpeg 1512w\" sizes=\"(max-width: 767px) 89vw, (max-width: 1000px) 54vw, (max-width: 1071px) 543px, 580px\" \/><figcaption class=\"wp-element-caption\">Wiederwahl der Vorstandschaft bei der Generalversammlung am 12.11.2023<\/figcaption><\/figure>\n\n\n\n<div class=\"wp-block-group is-vertical is-layout-flex wp-container-core-group-layout-1 wp-block-group-is-layout-flex\">\n<figure class=\"wp-block-image size-large\"><img loading=\"lazy\" decoding=\"async\" width=\"1024\" height=\"768\" src=\"http:\/\/anmeldung.ski-sport-zell.de\/wp-content\/uploads\/2024\/01\/WhatsApp-Image-2024-01-18-at-13.55.47-1024x768.jpeg\" alt=\"\" class=\"wp-image-303\" srcset=\"http:\/\/anmeldung.ski-sport-zell.de\/wp-content\/uploads\/2024\/01\/WhatsApp-Image-2024-01-18-at-13.55.47-1024x768.jpeg 1024w, http:\/\/anmeldung.ski-sport-zell.de\/wp-content\/uploads\/2024\/01\/WhatsApp-Image-2024-01-18-at-13.55.47-300x225.jpeg 300w, http:\/\/anmeldung.ski-sport-zell.de\/wp-content\/uploads\/2024\/01\/WhatsApp-Image-2024-01-18-at-13.55.47-768x576.jpeg 768w, http:\/\/anmeldung.ski-sport-zell.de\/wp-content\/uploads\/2024\/01\/WhatsApp-Image-2024-01-18-at-13.55.47-1536x1152.jpeg 1536w, http:\/\/anmeldung.ski-sport-zell.de\/wp-content\/uploads\/2024\/01\/WhatsApp-Image-2024-01-18-at-13.55.47.jpeg 2016w\" sizes=\"(max-width: 767px) 89vw, (max-width: 1000px) 54vw, (max-width: 1071px) 543px, 580px\" \/><figcaption class=\"wp-element-caption\">Am 09.07.2023 feierte der Ski Sport Griesbeckerzell sein 40-j\u00e4hriges Bestehen. Bei sommerlichen Temperaturen erfrischten sich die Skifahrer mit k\u00fchlen Getr\u00e4nken und st\u00e4rkten sich mit Bratw\u00fcrstl und Pommes. <\/figcaption><\/figure>\n<\/div>\n\n\n\n<figure class=\"wp-block-image size-large\"><img loading=\"lazy\" decoding=\"async\" width=\"1024\" height=\"576\" src=\"http:\/\/anmeldung.ski-sport-zell.de\/wp-content\/uploads\/2024\/01\/WhatsApp-Image-2024-01-18-at-14.13.05-1-1024x576.jpeg\" alt=\"\" class=\"wp-image-314\" srcset=\"http:\/\/anmeldung.ski-sport-zell.de\/wp-content\/uploads\/2024\/01\/WhatsApp-Image-2024-01-18-at-14.13.05-1-1024x576.jpeg 1024w, http:\/\/anmeldung.ski-sport-zell.de\/wp-content\/uploads\/2024\/01\/WhatsApp-Image-2024-01-18-at-14.13.05-1-300x169.jpeg 300w, http:\/\/anmeldung.ski-sport-zell.de\/wp-content\/uploads\/2024\/01\/WhatsApp-Image-2024-01-18-at-14.13.05-1-768x432.jpeg 768w, http:\/\/anmeldung.ski-sport-zell.de\/wp-content\/uploads\/2024\/01\/WhatsApp-Image-2024-01-18-at-14.13.05-1-1536x864.jpeg 1536w, http:\/\/anmeldung.ski-sport-zell.de\/wp-content\/uploads\/2024\/01\/WhatsApp-Image-2024-01-18-at-14.13.05-1.jpeg 2016w\" sizes=\"(max-width: 767px) 89vw, (max-width: 1000px) 54vw, (max-width: 1071px) 543px, 580px\" \/><figcaption class=\"wp-element-caption\">3-Tages-Skifahrt ins Gr\u00f6dnertal\/S\u00fcrdtirol im M\u00e4rz 2023<\/figcaption><\/figure>\n\n\n\n<figure class=\"wp-block-image size-full\"><img loading=\"lazy\" decoding=\"async\" width=\"1024\" height=\"586\" src=\"http:\/\/anmeldung.ski-sport-zell.de\/wp-content\/uploads\/2024\/01\/WhatsApp-Image-2024-01-18-at-14.13.05.jpeg\" alt=\"\" class=\"wp-image-313\" srcset=\"http:\/\/anmeldung.ski-sport-zell.de\/wp-content\/uploads\/2024\/01\/WhatsApp-Image-2024-01-18-at-14.13.05.jpeg 1024w, http:\/\/anmeldung.ski-sport-zell.de\/wp-content\/uploads\/2024\/01\/WhatsApp-Image-2024-01-18-at-14.13.05-300x172.jpeg 300w, http:\/\/anmeldung.ski-sport-zell.de\/wp-content\/uploads\/2024\/01\/WhatsApp-Image-2024-01-18-at-14.13.05-768x440.jpeg 768w\" sizes=\"(max-width: 767px) 89vw, (max-width: 1000px) 54vw, (max-width: 1071px) 543px, 580px\" \/><figcaption class=\"wp-element-caption\">Skikurs 2022\/2023<\/figcaption><\/figure>\n\n\n\n<figure class=\"wp-block-image size-large\"><img loading=\"lazy\" decoding=\"async\" width=\"1024\" height=\"768\" src=\"http:\/\/anmeldung.ski-sport-zell.de\/wp-content\/uploads\/2024\/01\/WhatsApp-Image-2024-01-18-at-15.13.10-1-1024x768.jpeg\" alt=\"\" class=\"wp-image-337\" srcset=\"http:\/\/anmeldung.ski-sport-zell.de\/wp-content\/uploads\/2024\/01\/WhatsApp-Image-2024-01-18-at-15.13.10-1-1024x768.jpeg 1024w, http:\/\/anmeldung.ski-sport-zell.de\/wp-content\/uploads\/2024\/01\/WhatsApp-Image-2024-01-18-at-15.13.10-1-300x225.jpeg 300w, http:\/\/anmeldung.ski-sport-zell.de\/wp-content\/uploads\/2024\/01\/WhatsApp-Image-2024-01-18-at-15.13.10-1-768x576.jpeg 768w, http:\/\/anmeldung.ski-sport-zell.de\/wp-content\/uploads\/2024\/01\/WhatsApp-Image-2024-01-18-at-15.13.10-1-1536x1152.jpeg 1536w, http:\/\/anmeldung.ski-sport-zell.de\/wp-content\/uploads\/2024\/01\/WhatsApp-Image-2024-01-18-at-15.13.10-1.jpeg 2048w\" sizes=\"(max-width: 767px) 89vw, (max-width: 1000px) 54vw, (max-width: 1071px) 543px, 580px\" \/><figcaption class=\"wp-element-caption\">Einweisungsfahrt der Skilehrer im Dezember 2022<\/figcaption><\/figure>\n\n\n\n<figure class=\"wp-block-image size-large\"><img loading=\"lazy\" decoding=\"async\" width=\"1024\" height=\"578\" src=\"http:\/\/anmeldung.ski-sport-zell.de\/wp-content\/uploads\/2024\/01\/WhatsApp-Image-2024-01-18-at-14.09.14-1024x578.jpeg\" alt=\"\" class=\"wp-image-312\" srcset=\"http:\/\/anmeldung.ski-sport-zell.de\/wp-content\/uploads\/2024\/01\/WhatsApp-Image-2024-01-18-at-14.09.14-1024x578.jpeg 1024w, http:\/\/anmeldung.ski-sport-zell.de\/wp-content\/uploads\/2024\/01\/WhatsApp-Image-2024-01-18-at-14.09.14-300x169.jpeg 300w, http:\/\/anmeldung.ski-sport-zell.de\/wp-content\/uploads\/2024\/01\/WhatsApp-Image-2024-01-18-at-14.09.14-768x434.jpeg 768w, http:\/\/anmeldung.ski-sport-zell.de\/wp-content\/uploads\/2024\/01\/WhatsApp-Image-2024-01-18-at-14.09.14-1536x867.jpeg 1536w, http:\/\/anmeldung.ski-sport-zell.de\/wp-content\/uploads\/2024\/01\/WhatsApp-Image-2024-01-18-at-14.09.14.jpeg 2048w\" sizes=\"(max-width: 767px) 89vw, (max-width: 1000px) 54vw, (max-width: 1071px) 543px, 580px\" \/><figcaption class=\"wp-element-caption\">Generalversammlung am 20.11.2022<\/figcaption><\/figure>\n\n\n\n<figure class=\"wp-block-image size-large\"><img loading=\"lazy\" decoding=\"async\" width=\"1024\" height=\"768\" src=\"http:\/\/anmeldung.ski-sport-zell.de\/wp-content\/uploads\/2024\/01\/WhatsApp-Image-2024-01-18-at-15.13.10-1024x768.jpeg\" alt=\"\" class=\"wp-image-335\" srcset=\"http:\/\/anmeldung.ski-sport-zell.de\/wp-content\/uploads\/2024\/01\/WhatsApp-Image-2024-01-18-at-15.13.10-1024x768.jpeg 1024w, http:\/\/anmeldung.ski-sport-zell.de\/wp-content\/uploads\/2024\/01\/WhatsApp-Image-2024-01-18-at-15.13.10-300x225.jpeg 300w, http:\/\/anmeldung.ski-sport-zell.de\/wp-content\/uploads\/2024\/01\/WhatsApp-Image-2024-01-18-at-15.13.10-768x576.jpeg 768w, http:\/\/anmeldung.ski-sport-zell.de\/wp-content\/uploads\/2024\/01\/WhatsApp-Image-2024-01-18-at-15.13.10-1536x1152.jpeg 1536w, http:\/\/anmeldung.ski-sport-zell.de\/wp-content\/uploads\/2024\/01\/WhatsApp-Image-2024-01-18-at-15.13.10.jpeg 1600w\" sizes=\"(max-width: 767px) 89vw, (max-width: 1000px) 54vw, (max-width: 1071px) 543px, 580px\" \/><figcaption class=\"wp-element-caption\">Fahrt nach Lermoos im Januar 2022<\/figcaption><\/figure>\n\n\n\n<p><\/p>\n\n\n\n<figure class=\"wp-block-image size-full\"><img loading=\"lazy\" decoding=\"async\" width=\"970\" height=\"717\" src=\"http:\/\/anmeldung.ski-sport-zell.de\/wp-content\/uploads\/2024\/01\/WhatsApp-Image-2024-01-18-at-15.23.05.jpeg\" alt=\"\" class=\"wp-image-339\" srcset=\"http:\/\/anmeldung.ski-sport-zell.de\/wp-content\/uploads\/2024\/01\/WhatsApp-Image-2024-01-18-at-15.23.05.jpeg 970w, http:\/\/anmeldung.ski-sport-zell.de\/wp-content\/uploads\/2024\/01\/WhatsApp-Image-2024-01-18-at-15.23.05-300x222.jpeg 300w, http:\/\/anmeldung.ski-sport-zell.de\/wp-content\/uploads\/2024\/01\/WhatsApp-Image-2024-01-18-at-15.23.05-768x568.jpeg 768w\" sizes=\"(max-width: 767px) 89vw, (max-width: 1000px) 54vw, (max-width: 1071px) 543px, 580px\" \/><figcaption class=\"wp-element-caption\">Saison 2014 \/ 2015<\/figcaption><\/figure>\n\n\n\n<figure class=\"wp-block-image size-full\"><img loading=\"lazy\" decoding=\"async\" width=\"750\" height=\"699\" src=\"http:\/\/anmeldung.ski-sport-zell.de\/wp-content\/uploads\/2024\/01\/WhatsApp-Image-2024-01-18-at-15.24.38.jpeg\" alt=\"\" class=\"wp-image-340\" srcset=\"http:\/\/anmeldung.ski-sport-zell.de\/wp-content\/uploads\/2024\/01\/WhatsApp-Image-2024-01-18-at-15.24.38.jpeg 750w, http:\/\/anmeldung.ski-sport-zell.de\/wp-content\/uploads\/2024\/01\/WhatsApp-Image-2024-01-18-at-15.24.38-300x280.jpeg 300w\" sizes=\"(max-width: 706px) 89vw, (max-width: 767px) 82vw, 740px\" \/><figcaption class=\"wp-element-caption\">Saison 2012 \/ 2013<\/figcaption><\/figure>\n\n\n\n<figure class=\"wp-block-image size-large\"><img loading=\"lazy\" decoding=\"async\" width=\"1024\" height=\"899\" src=\"http:\/\/anmeldung.ski-sport-zell.de\/wp-content\/uploads\/2024\/01\/WhatsApp-Image-2024-01-18-at-15.34.31-1024x899.jpeg\" alt=\"\" class=\"wp-image-342\" srcset=\"http:\/\/anmeldung.ski-sport-zell.de\/wp-content\/uploads\/2024\/01\/WhatsApp-Image-2024-01-18-at-15.34.31-1024x899.jpeg 1024w, http:\/\/anmeldung.ski-sport-zell.de\/wp-content\/uploads\/2024\/01\/WhatsApp-Image-2024-01-18-at-15.34.31-300x263.jpeg 300w, http:\/\/anmeldung.ski-sport-zell.de\/wp-content\/uploads\/2024\/01\/WhatsApp-Image-2024-01-18-at-15.34.31-768x674.jpeg 768w, http:\/\/anmeldung.ski-sport-zell.de\/wp-content\/uploads\/2024\/01\/WhatsApp-Image-2024-01-18-at-15.34.31-1536x1349.jpeg 1536w, http:\/\/anmeldung.ski-sport-zell.de\/wp-content\/uploads\/2024\/01\/WhatsApp-Image-2024-01-18-at-15.34.31.jpeg 1599w\" sizes=\"(max-width: 767px) 89vw, (max-width: 1000px) 54vw, (max-width: 1071px) 543px, 580px\" \/><figcaption class=\"wp-element-caption\">Sommerausflug zum 25-j\u00e4hren Vereinsbestehen am 09.09.2007<\/figcaption><\/figure>\n","protected":false},"excerpt":{"rendered":"","protected":false},"author":1,"featured_media":0,"parent":0,"menu_order":0,"comment_status":"closed","ping_status":"closed","template":"","meta":{"footnotes":""},"_links":{"self":[{"href":"http:\/\/anmeldung.ski-sport-zell.de\/index.php?rest_route=\/wp\/v2\/pages\/302"}],"collection":[{"href":"http:\/\/anmeldung.ski-sport-zell.de\/index.php?rest_route=\/wp\/v2\/pages"}],"about":[{"href":"http:\/\/anmeldung.ski-sport-zell.de\/index.php?rest_route=\/wp\/v2\/types\/page"}],"author":[{"embeddable":true,"href":"http:\/\/anmeldung.ski-sport-zell.de\/index.php?rest_route=\/wp\/v2\/users\/1"}],"replies":[{"embeddable":true,"href":"http:\/\/anmeldung.ski-sport-zell.de\/index.php?rest_route=%2Fwp%2Fv2%2Fcomments&post=302"}],"version-history":[{"count":11,"href":"http:\/\/anmeldung.ski-sport-zell.de\/index.php?rest_route=\/wp\/v2\/pages\/302\/revisions"}],"predecessor-version":[{"id":506,"href":"http:\/\/anmeldung.ski-sport-zell.de\/index.php?rest_route=\/wp\/v2\/pages\/302\/revisions\/506"}],"wp:attachment":[{"href":"http:\/\/anmeldung.ski-sport-zell.de\/index.php?rest_route=%2Fwp%2Fv2%2Fmedia&parent=302"}],"curies":[{"name":"wp","href":"https:\/\/api.w.org\/{rel}","templated":true}]}}